{"id":2441,"date":"2018-05-25T16:21:58","date_gmt":"2018-05-25T14:21:58","guid":{"rendered":"https:\/\/www.mediapub.be\/?page_id=2441"},"modified":"2018-05-25T16:21:58","modified_gmt":"2018-05-25T14:21:58","slug":"politique-de-confidentialite","status":"publish","type":"page","link":"https:\/\/www.mediapub.be\/fr\/politique-de-confidentialite\/","title":{"rendered":"Politique de confidentialit\u00e9"},"content":{"rendered":"<p><strong>D\u00e9claration relative \u00e0 la protection des donn\u00e9es et \u00e0 la vie priv\u00e9e<\/strong><br \/>\nversion esi1.0<\/p>\n<p>Conform\u00e9ment au nouveau r\u00e8glement (<a href=\"http:\/\/eur-lex.europa.eu\/legal-content\/FR\/TXT\/?uri=CELEX:32016R0679\">UE 2016\/679<\/a>) du Parlement europ\u00e9en, le M\u00e9dia1Center accorde beaucoup d\u2019importance \u00e0 la Protection des donn\u00e9es \u00e0 caract\u00e8re personnel et met en place les moyens n\u00e9cessaires afin d\u2019assurer une Politique RGPD.<\/p>\n<p>&nbsp;<\/p>\n<p><strong>Responsable du Traitement\u00a0:<\/strong><\/p>\n<p>Media1Center<br \/>\nRue de l\u2019Artisanat 1 | 1400 Nivelles |\u00a0 Belgique<br \/>\n<a href=\"mai&#108;&#116;&#111;&#58;&#112;riva&#99;&#121;&#64;me&#100;&#105;&#97;1ce&#110;te&#114;&#46;&#98;&#101;\">&#112;&#114;&#105;&#118;ac&#121;&#64;&#109;ed&#105;a&#49;ce&#110;t&#101;&#114;.be<\/a><br \/>\n0032 67 460 079<\/p>\n<p>&nbsp;<\/p>\n<p><strong>But et g\u00e9n\u00e9ralit\u00e9 du Responsable du Traitement :<\/strong><\/p>\n<ul>\n<li>D\u2019assurer le respect et la protection de la vie priv\u00e9e des donn\u00e9es collect\u00e9es<\/li>\n<li>Permettre \u00e0 l\u2019utilisateur de visualiser \/ modifier \/ supprimer toute donn\u00e9e le concernant<\/li>\n<li>D\u2019identifier et valider le type de donn\u00e9es collect\u00e9es<\/li>\n<li>De v\u00e9rifier et valider le bon usage \/ traitement des donn\u00e9es priv\u00e9es<\/li>\n<li>De s\u2019assurer du stockage et du cryptage de ces donn\u00e9es<\/li>\n<li>De suivre la proc\u00e9dure pr\u00e9vue par la r\u00e8glementation en cas de vol des donn\u00e9es<\/li>\n<\/ul>\n<p>&nbsp;<\/p>\n<p><strong>Cette politique s\u2019applique aux sites repris ci-dessous\u00a0:<\/strong><\/p>\n<ul>\n<li><a href=\"http:\/\/www.delferriere.be\">delferriere.be<\/a><\/li>\n<li><a href=\"http:\/\/www.imprimeriehavaux.be\">imprimeriehavaux.be<\/a><\/li>\n<li><a href=\"http:\/\/www.media1center.be\">media1center.be<\/a><\/li>\n<li><a href=\"http:\/\/www.mediapub.be\">mediapub.be<\/a><\/li>\n<li><a href=\"http:\/\/www.pictoviva.be\">pictoviva.be<\/a><\/li>\n<li><a href=\"http:\/\/www.phoneweb.be\">phoneweb.be<\/a><\/li>\n<li><a href=\"http:\/\/www.lignegraphique.be\">lignegraphique.be<\/a><\/li>\n<li><a href=\"http:\/\/www.rainbowprinting.be\">rainbowprinting.be<\/a><\/li>\n<\/ul>\n<p>&nbsp;<\/p>\n<p>Les sites web repris ci-dessus ne sont que des cartes de visites virtuelles proposant de prendre contact via un formulaire afin d\u2019\u00eatre inform\u00e9 sur l\u2019un de nos produits.<\/p>\n<p>En consultant nos sites, vous marquez votre accord explicite sur cette d\u00e9claration de vie priv\u00e9e. Si vous n\u2019\u00eates pas en accord avec celle-ci, vous \u00eates invit\u00e9 \u00e0 ne plus utiliser l\u2019un de ces sites.<\/p>\n<p>&nbsp;<\/p>\n<p><strong>Donn\u00e9es \u00e0 caract\u00e8re personnel collect\u00e9es\u00a0:<\/strong><\/p>\n<p>Afin d\u2019\u00eatre contact\u00e9, l\u2019internaute est suppos\u00e9 laisser son nom, pr\u00e9nom, adresse mail, nom de soci\u00e9t\u00e9 ainsi que son t\u00e9l\u00e9phone. Ces donn\u00e9es seront transmises directement par mail au service concern\u00e9. Ces donn\u00e9es ne sont pas conserv\u00e9es sur le serveur web. Ces donn\u00e9es seront transf\u00e9r\u00e9es vers un commercial comp\u00e9tent (selon la demande) et trait\u00e9 directement par lui (marketing direct). Il incombera directement au commercial de tenir une liste ou non pour un \u00e9ventuel suivi commercial de la demande.<\/p>\n<p>Le Responsable du Traitement veillera au respect des donn\u00e9es personnelles\u00a0; elle invitera les commerciaux \u00e0<\/p>\n<ul>\n<li>Ne pas partager les donn\u00e9es collect\u00e9es (exception sous-traitant)<\/li>\n<li>D\u00e9truire les donn\u00e9es priv\u00e9es au bout de 6 mois (donn\u00e9es rest\u00e9es sans r\u00e9ponse)<\/li>\n<li>D\u00e9truire les donn\u00e9es priv\u00e9es au bout de 1 ans (donn\u00e9es avec suivi commercial, sans suite)<\/li>\n<li>D\u00e9truire les donn\u00e9es priv\u00e9es au bout de 5 ans (donn\u00e9es avec suivi commercial, avec suite)<\/li>\n<li>Crypter les fichiers contenant des donn\u00e9es personnelles<\/li>\n<\/ul>\n<p>&nbsp;<\/p>\n<p><strong>Informations collect\u00e9es par le site web\u00a0:<\/strong><\/p>\n<p>Afin d\u2019\u00e9tablir des statistiques de visite, certaines donn\u00e9es, telles que\u00a0: adresse ip, syst\u00e8me d\u2019exploitation, taille d\u2019\u00e9cran, navigateur, version, pays seront stock\u00e9es et trait\u00e9es via Google Analytics. L\u2019exploitant ne fait aucune relation entre les formulaires envoy\u00e9s et les donn\u00e9es stock\u00e9es chez Google. Ces statistiques n\u2019ont pour but qu\u2019une analyse du trafic des heures et des pages consult\u00e9es.<br \/>\nCes sites utilisent des Cookies qui influencent le comportement de la navigation. Via une banni\u00e8re, il vous sera demand\u00e9 d\u2019accepter l\u2019utilisations de celles-ci, car elles sont n\u00e9cessaires afin d\u2019optimaliser votre navigation. Ces cookies n\u2019ont pas pour but d\u2019\u00eatre exploit\u00e9es.<\/p>\n<p>&nbsp;<\/p>\n<p><strong>Partage des donn\u00e9es personnelles\u00a0:<\/strong><\/p>\n<p>Nous ne vendons pas et nous ne divulguons pas les donn\u00e9es \u00e0 caract\u00e8re personnel, sauf pour traitement \u00e9ventuel par un sous-traitant. Dans tel cas, celui-ci s\u2019engagera \u00e9galement \u00e0 respecter notre politique g\u00e9n\u00e9rale de Protection de la Vie priv\u00e9e.<\/p>\n<p>Nous pouvons \u00e9galement divulguer vos donn\u00e9es \u00e0 caract\u00e8re personnel si nous y sommes contraints par la loi ou voie judiciaire sur demandes des autorit\u00e9s comp\u00e9tentes.<\/p>\n<p>&nbsp;<\/p>\n<p><strong>Acc\u00e8s \u00e0 vos donn\u00e9es personnelles \/ Abus\u00a0:<\/strong><\/p>\n<p>\u00c0 tout moment, vous pouvez exercer votre droit d\u2019acc\u00e8s, modification ou suppression de vos donn\u00e9es \u00e0 caract\u00e8re personnel, conform\u00e9ment \u00e0 la loi belge sur la protection de la vie priv\u00e9e.<\/p>\n<p>Envoyez votre demande accompagn\u00e9e de votre preuve d\u2019identit\u00e9 pr\u00e9cisant le d\u00e9partement \/ service \/ personne de contact de traitement de votre dossier<\/p>\n<ul>\n<li>par mail\u00a0: <a href=\"&#109;&#97;i&#108;t&#111;:p&#114;ivacy&#64;&#109;e&#100;&#105;&#97;&#49;c&#101;nte&#114;&#46;&#98;e\">&#112;r&#105;va&#99;y&#64;&#109;e&#100;&#105;&#97;&#49;&#99;&#101;&#110;ter.&#98;e<\/a><\/li>\n<li>par voie postale (voir l\u2019adresse ci-dessus)<\/li>\n<\/ul>\n<p>Attention\u00a0: nous ne sommes pas en mesure d\u2019effacer les donn\u00e9es statistiques de consultations sur nos page web, car nous ne pouvons r\u00e9aliser un lien entre votre identit\u00e9 et votre navigation.<\/p>\n<p>&nbsp;<\/p>\n","protected":false},"excerpt":{"rendered":"<p>D\u00e9claration relative \u00e0 la protection des donn\u00e9es et \u00e0 la vie priv\u00e9e version esi1.0 Conform\u00e9ment au nouveau r\u00e8glement (UE 2016\/679) du Parlement europ\u00e9en, le M\u00e9dia1Center accorde beaucoup d\u2019importance \u00e0 la Protection des donn\u00e9es \u00e0 caract\u00e8re personnel et met en place les moyens n\u00e9cessaires afin d\u2019assurer une Politique RGPD. &nbsp; Responsable du Traitement\u00a0: Media1Center Rue de [&hellip;]<\/p>\n","protected":false},"author":1,"featured_media":0,"parent":0,"menu_order":0,"comment_status":"closed","ping_status":"closed","template":"","meta":{"_et_pb_use_builder":"","_et_pb_old_content":"","_et_gb_content_width":""},"_links":{"self":[{"href":"https:\/\/www.mediapub.be\/fr\/wp-json\/wp\/v2\/pages\/2441"}],"collection":[{"href":"https:\/\/www.mediapub.be\/fr\/wp-json\/wp\/v2\/pages"}],"about":[{"href":"https:\/\/www.mediapub.be\/fr\/wp-json\/wp\/v2\/types\/page"}],"author":[{"embeddable":true,"href":"https:\/\/www.mediapub.be\/fr\/wp-json\/wp\/v2\/users\/1"}],"replies":[{"embeddable":true,"href":"https:\/\/www.mediapub.be\/fr\/wp-json\/wp\/v2\/comments?post=2441"}],"version-history":[{"count":1,"href":"https:\/\/www.mediapub.be\/fr\/wp-json\/wp\/v2\/pages\/2441\/revisions"}],"predecessor-version":[{"id":2442,"href":"https:\/\/www.mediapub.be\/fr\/wp-json\/wp\/v2\/pages\/2441\/revisions\/2442"}],"wp:attachment":[{"href":"https:\/\/www.mediapub.be\/fr\/wp-json\/wp\/v2\/media?parent=2441"}],"curies":[{"name":"wp","href":"https:\/\/api.w.org\/{rel}","templated":true}]}}